{"id":2459,"date":"2012-04-07T00:01:25","date_gmt":"2012-04-06T22:01:25","guid":{"rendered":"http:\/\/www.blau-weiss-fischenich.de\/?page_id=2459"},"modified":"2024-04-13T11:34:21","modified_gmt":"2024-04-13T09:34:21","slug":"das-blasorchester","status":"publish","type":"page","link":"https:\/\/www.blau-weiss-fischenich.de\/?page_id=2459","title":{"rendered":"Das Blasorchester"},"content":{"rendered":"<p style=\"text-align: center;\"><a href=\"https:\/\/i0.wp.com\/www.blau-weiss-fischenich.de\/wp-content\/uploads\/2012\/04\/Blasorchester-2016.jpg\"><img data-recalc-dims=\"1\" fetchpriority=\"high\" decoding=\"async\" class=\"aligncenter wp-image-19948\" src=\"https:\/\/i0.wp.com\/www.blau-weiss-fischenich.de\/wp-content\/uploads\/2012\/04\/Blasorchester-2016.jpg?resize=600%2C400\" alt=\"\" width=\"600\" height=\"400\" srcset=\"https:\/\/i0.wp.com\/www.blau-weiss-fischenich.de\/wp-content\/uploads\/2012\/04\/Blasorchester-2016.jpg?w=720&amp;ssl=1 720w, https:\/\/i0.wp.com\/www.blau-weiss-fischenich.de\/wp-content\/uploads\/2012\/04\/Blasorchester-2016.jpg?resize=300%2C200&amp;ssl=1 300w\" sizes=\"(max-width: 600px) 100vw, 600px\" \/><\/a><\/p>\n<p><strong>Entstehung<\/strong><\/p>\n<p>Entstanden ist das Blasorchester aus dem bereits 1958 gegr\u00fcndeten Fanfarencorps der Gesellschaft. Diese Gruppe hatte Dank intensiver Probenarbeit ein sehr gutes musikalisches Niveau und die Fische\u00adnicher siegten bei zahlreichen Wettstreiten. Doch die Konkurrenz schlief nicht. Die damaligen Fan\u00adfaren\u00adcorps in der Region stiegen um auf Ventilfanfaren oder Trompeten. Damit waren sie nicht mehr auf Naturt\u00f6ne beschr\u00e4nkt und konnten auch aktuelle Melodien spielen. Das kam beim Publikum und sp\u00e4ter bei den Preisrichtern mehr an als sauber gespielte Fanfarenm\u00e4rsche.<\/p>\n<p>In dieser Situation beschloss der damalige Vereinsvorstand gemeinsam mit den Aktiven, sich ebenfalls musikalisch weiter zu entwickeln. Der Weg zu einem modernen Fan\u00adfaren\u00adzug, so wie ihn viele Gruppen in den Nachbarorten gingen, erschien aber wenig erfolgversprechend. Hierin sah man eine musikalische Sackgasse. Man entschied sich f\u00fcr den schwierigeren Weg zu einem richtigen sinfonischen Blasorchester mit seinen vielf\u00e4ltigen musikalischen M\u00f6glichkeiten.<\/p>\n<p>Als Leiter konnte Franz Au\u00dfem, fr\u00fcher bereits im Fanfarencorps aktiv, gewonnen werden. Die meisten Mit\u00adglieder des Fanfarencorps trauten sich und gingen diesen Weg mit. Sie w\u00e4hlten ein Instrument aus und suchten sich mit Hilfe des Vereins einen Musiklehrer. W\u00e4hrend dieser Umstellungsphase liefen die Auftrittsverpflichtungen, allein oder gemeinsam mit dem Tanzcorps, weiter. Nach und nach verst\u00e4rkten immer mehr Blasinstrumente das Fanfarencorps. In der Karnevals-Session 1973\/1974 trat der neue Klang\u00adk\u00f6rper dann erstmals vor Publikum auf. Das erste richtige \u00f6ffentliche Konzert war beim Musikfest in Fischenich 1974. Franz Au\u00dfem und sein neues Orchester wurden dort begeistert gefeiert.<\/p>\n<p>Mit einem kleinen, dem noch sehr beschr\u00e4nkten K\u00f6nnen angepassten Repertoire fing es an. Aber so, wie die praktischen und theoretischen Fertigkeiten wuchsen, klappte auch das Zusammenspiel im Orchester unter der sehr fachkundigen, stets geduldigen aber auch strengen Leitung von Franz Au\u00dfem mit der Zeit immer besser.<\/p>\n<p><strong>Repertoire<\/strong><\/p>\n<p>Inzwischen hat das musikalisch sehr vielseitige Orchester ganzj\u00e4hrig \u00fcber 70 Auftritte vom Festkommers, Fr\u00fchschoppen, Oktoberfest bis zum Weihnachtskonzert, von der kompletten Begleitung einer Karnevals\u00adsitzung bis zum Auftritt. Es spielt klassische und moderne sinfonische Blasmusik, M\u00e4rsche, Volksweisen aus aller Welt, Evergreens, Tanz- und Unterhaltungsmusik ebenso gut und gerne wie Kirchenlieder, Chor\u00e4le, Advent- und Weihnachtslieder, Big-Band-Musik und vieles mehr.<\/p>\n<p>Dem karnevalistischen Brauchtum verpflichtet, haben die Fischenicher auch f\u00fcr die n\u00e4rrische Zeit ein sehr gro\u00dfes und vielseitiges Repertoire. Franz Au\u00dfem hat viele Traditionsm\u00e4rsche der K\u00f6lner Karnevals\u00adgesell\u00adschaften arrangiert sowie zahlreiche gro\u00dfe und kleine Karnevalspotpourris von Willi Ostermann bis zu den Bl\u00e4ck F\u00f6\u00f6ss f\u00fcr das Blasorchester zusammengestellt und bearbeitet.<\/p>\n<p><strong>Highlights<\/strong><\/p>\n<p>1993 wurde das Blasorchester mit dem Kulturpreis der Stadt H\u00fcrth ausgezeichnet. Im gleichen Jahr nahmen die Fischenicher im Rahmen einer zw\u00f6lft\u00e4gigen Konzertreise in die USA u.a. an der Steuben\u00adparade in New York und Philadelphia teil.<\/p>\n<p>Unter dem Titel \u201cK\u00f6lsche T\u00f6n \u2013 Met Tr\u00f6\u00f6te un Trommele\u201d wurde eine CD mit K\u00f6lner Karnevalsm\u00e4rschen und sehr sch\u00f6nen Karnevalspotpourris produziert. Im Jahr 2001 wurde dann noch eine Weihnachts-CD mit den sch\u00f6nsten traditionellen und modernen weihnachtlichen Melodien aus aller Welt aufgenommen.<\/p>\n<p>Das Blasorchester ist auch in der WDR-Fernsehsendung \u201cN\u00e4rrische Hitparade\u201d aufgetreten. Konzertreisen f\u00fchrten unter anderem nach Thetford in England, Spijkenisse in Holland, nach Wernesgr\u00fcn im s\u00e4ch\u00adsischen Vogtland, nach Kempten im Allg\u00e4u ins schw\u00e4bische Malmsheim, zwischen Stutt\u00adgart und dem n\u00f6rdlichen Rand des Schwarzwaldes gelegen und nach Niederaudorf im oberbayrischem Landkreis Rosenheim.<\/p>\n<p>Der jetzige Leiter Gerd Au\u00dfem, ein echtes Eigengew\u00e4chs, ist der Neffe von Franz Au\u00dfem, der das Blasorchester seit der Gr\u00fcndung 1973 bis 2002, also fast 30 Jahre lang,&nbsp; mit gro\u00dfem Erfolg leitete. Gerd Au\u00dfem hat an der Musikhochschule in D\u00fcsseldorf studiert und war bis zu seiner Pensionierung Tubist und Organisationsfeldwebel beim Musikkorps der Bundeswehr, einem der besten sinfonischen Blasorchester weltweit.<\/p>\n<p><strong>Proben<\/strong><\/p>\n<p>Geprobt wird in der Regel montags von 20.00 Uhr bis 22.00 Uhr in der Aula der Kath. Martinus-Grundschule, Am Druvendriesch 19, 50354 H\u00fcrth-Fischenich.<\/p>\n<p>Neue Mitglieder sind im Blasorchester stets herzlich willkommen. Interessenten sind eingeladen, v\u00f6llig unverbindlich an einer oder mehreren Proben teilzunehmen um zu testen, ob ihnen die sehr vielf\u00e4ltige musikalische Ausrichtung und Niveau, aber auch die menschliche \u201eChemie\u201c mit dem musikalischen Leiter und den \u00fcbrigen Orchestermitgliedern zusagen. Probieren geht \u00fcber studieren.<\/p>\n<p><strong>Musikalischer Leiter<\/strong><\/p>\n<p>Gerd Au\u00dfem<br \/>\nLehnengasse 28<br \/>\n50354 H\u00fcrth-Fischenich<br \/>\nTel. 02233 46240<\/p>\n<p><strong>ngg_shortcode_0_placeholder<\/strong><\/p>\n","protected":false},"excerpt":{"rendered":"<p>Entstehung Entstanden ist das Blasorchester aus dem bereits 1958 gegr\u00fcndeten Fanfarencorps der Gesellschaft. Diese Gruppe hatte Dank intensiver Probenarbeit ein sehr gutes musikalisches Niveau und die Fische\u00adnicher siegten bei zahlreichen Wettstreiten. Doch die Konkurrenz schlief nicht. Die damaligen Fan\u00adfaren\u00adcorps in der Region stiegen um auf Ventilfanfaren oder Trompeten. Damit waren sie nicht mehr auf Naturt\u00f6ne [&hellip;]<\/p>\n","protected":false},"author":2,"featured_media":0,"parent":0,"menu_order":0,"comment_status":"closed","ping_status":"open","template":"","meta":{"ngg_post_thumbnail":0,"footnotes":"","_links_to":"","_links_to_target":""},"class_list":["post-2459","page","type-page","status-publish","hentry"],"jetpack_sharing_enabled":true,"jetpack_shortlink":"https:\/\/wp.me\/P787HS-DF","publishpress_future_action":{"enabled":false,"date":"2026-05-10 14:27:22","action":"change-status","newStatus":"draft","terms":[],"taxonomy":"","extraData":[]},"publishpress_future_workflow_manual_trigger":{"enabledWorkflows":[]},"_links":{"self":[{"href":"https:\/\/www.blau-weiss-fischenich.de\/index.php?rest_route=\/wp\/v2\/pages\/2459","targetHints":{"allow":["GET"]}}],"collection":[{"href":"https:\/\/www.blau-weiss-fischenich.de\/index.php?rest_route=\/wp\/v2\/pages"}],"about":[{"href":"https:\/\/www.blau-weiss-fischenich.de\/index.php?rest_route=\/wp\/v2\/types\/page"}],"author":[{"embeddable":true,"href":"https:\/\/www.blau-weiss-fischenich.de\/index.php?rest_route=\/wp\/v2\/users\/2"}],"replies":[{"embeddable":true,"href":"https:\/\/www.blau-weiss-fischenich.de\/index.php?rest_route=%2Fwp%2Fv2%2Fcomments&post=2459"}],"version-history":[{"count":7,"href":"https:\/\/www.blau-weiss-fischenich.de\/index.php?rest_route=\/wp\/v2\/pages\/2459\/revisions"}],"predecessor-version":[{"id":26109,"href":"https:\/\/www.blau-weiss-fischenich.de\/index.php?rest_route=\/wp\/v2\/pages\/2459\/revisions\/26109"}],"wp:attachment":[{"href":"https:\/\/www.blau-weiss-fischenich.de\/index.php?rest_route=%2Fwp%2Fv2%2Fmedia&parent=2459"}],"curies":[{"name":"wp","href":"https:\/\/api.w.org\/{rel}","templated":true}]}}